{"id":469,"date":"2014-02-27T20:24:30","date_gmt":"2014-02-27T20:24:30","guid":{"rendered":"http:\/\/carandellart.com\/?page_id=469"},"modified":"2024-10-25T12:04:09","modified_gmt":"2024-10-25T12:04:09","slug":"qui-som","status":"publish","type":"page","link":"https:\/\/carandellart.com\/?page_id=469&amp;lang=ca","title":{"rendered":"Qui som"},"content":{"rendered":"<p><strong><div class=\"att-one-third att-column-first\">\n<span style=\"color: #333333;\">1. Qui som<\/span><\/strong><br \/>\nDespr\u00e9s de m\u00e9s de 100 anys d&#8217;experi\u00e8ncia al m\u00f3n de la forja i la foneria, Carandell Art t\u00e9 el gust de posar en consideraci\u00f3 una selecci\u00f3 d&#8217;escultures en ferro i bronze de diferents grand\u00e0ries.<br \/>\nTotes les escultures han estat seleccionades acuradament perqu\u00e8 puguin ocupar un lloc destacat en l&#8217;entorn escollit: jardins, carrers, oficines, hotels, habitatges, escoles\u2026<br \/>\nLa il\u00b7lusi\u00f3 de l&#8217;equip de Carandell Art \u00e9s fomentar la instal\u00b7laci\u00f3 d&#8217;elements art\u00edstics, tant en espais p\u00fablics com privats i transformar-los en entorns \u00fanics.<br \/>\nLa incorporaci\u00f3 d&#8217;una obra escult\u00f2rica en un escenari determinat, t\u00e9 l&#8217;habilitat d&#8217;alterar l&#8217;espai f\u00edsic que ocupa i les relacions que els ciutadans establiran en aquest lloc.<br \/>\nALGUNA COSA CANVIA QUAN ESTEM ENVOLTATS DE BELLESA.<br \/>\n<strong><\/div><\/strong><\/p>\n<p><strong><div class=\"att-one-third att-column-second\">\n<\/strong><a href=\"http:\/\/carandellart.com\/?post_type=portfolio&amp;lang=ca\"><span style=\"color: #333333;\"><span style=\"color: #333333;\"><strong>2. Obra escult\u00f2rica<\/strong><\/span><\/span><\/a><br \/>\n<strong>2.1. Fons d&#8217;art a la venda<\/strong><br \/>\nCarandell Art disposa d&#8217;un FONS D&#8217;ART contemporani format per obres escult\u00f2riques de diversos artistes que s&#8217;amplia cada any. Es tracta majorit\u00e0riament d&#8217;escultures de format mitj\u00e0 destinades a qualsevol tipus d&#8217;espai.<br \/>\nPerqu\u00e8 el client pugui apreciar in situ la qualitat dels materials (principalment ferro i bronze) i pugui percebre l\u2019exquisidesa de les seves formes i acabats, totes les escultures estan exposades en el\u00a0<i>show room<\/i>\u00a0de les instal\u00b7lacions de Carandell Art a l&#8217;edifici Ter de Manlleu (Barcelona).<br \/>\nEs tracta de s\u00e8ries limitades de diferent tem\u00e0tica, dissenyades i creades per joves artistes i a un preu molt raonable.<\/p>\n<p><strong>2.2. Fons d&#8217;art en cesi\u00f3<\/strong><br \/>\nCarandell Art posa les escultures del seu fons art\u00edstic a la disposici\u00f3 d&#8217;entitats p\u00fabliques i privades perqu\u00e8 siguin exposades en car\u00e0cter de cessi\u00f3 o lloguer.<br \/>\nL&#8217;equip de Carandell Art assessora als clients a escollir l&#8217;escultura que millor s&#8217;adapta a les seves necessitats, segons el lloc on es situar\u00e0 i el missatge que es vulgui transmetre.<br \/>\n<\/div>\n<div class=\"att-one-third att-column-last\">\n<div id=\"wpgmza_map\" class=\"wpgmza_map\" data-settings='{\"id\":\"1\",\"map_title\":\"Quienes somos\",\"map_width\":\"100\",\"map_height\":\"400\",\"map_start_lat\":\"41.98173036057186\",\"map_start_lng\":\"2.23850148496215\",\"map_start_location\":\"45.950464398418106,-109.81550500000003\",\"map_start_zoom\":\"11\",\"default_marker\":\"\",\"type\":\"1\",\"alignment\":\"4\",\"directions_enabled\":\"0\",\"styling_enabled\":\"0\",\"styling_json\":\"\",\"active\":\"0\",\"kml\":\"\",\"bicycle\":\"0\",\"traffic\":\"0\",\"dbox\":\"0\",\"dbox_width\":\"\",\"listmarkers\":\"0\",\"listmarkers_advanced\":\"0\",\"filterbycat\":\"0\",\"ugm_enabled\":\"0\",\"ugm_category_enabled\":\"0\",\"fusion\":\"\",\"map_width_type\":\"%\",\"map_height_type\":\"px\",\"mass_marker_support\":\"0\",\"ugm_access\":\"0\",\"order_markers_by\":\"0\",\"order_markers_choice\":\"0\",\"show_user_location\":\"0\",\"default_to\":\"\",\"other_settings\":{\"map_type\":1,\"sl_stroke_color\":\"\",\"sl_fill_color\":\"\",\"sl_stroke_opacity\":\"\",\"sl_fill_opacity\":\"\",\"transport_layer\":false,\"action\":\"wpgmza_save_map\",\"redirect_to\":\"\\\/wp-admin\\\/admin-post.php\",\"map_id\":\"1\",\"http_referer\":\"\\\/wp-admin\\\/admin.php?page=wp-google-maps-menu&amp;amp;action=edit&amp;amp;map_id=1\",\"wpgmza_id\":\"1\",\"wpgmza_start_location\":\"41.98173036057186,2.23850148496215\",\"wpgmza_start_zoom\":\"11\",\"wpgmza_theme_data\":\"\",\"store_locator_enabled\":false,\"store_locator_search_area\":\"radial\",\"wpgmza_store_locator_radius_style\":\"legacy\",\"wpgmza_store_locator_default_radius\":\"10\",\"store_locator_auto_area_max_zoom\":\"\",\"store_locator_distance\":false,\"wpgmza_store_locator_position\":false,\"store_locator_show_distance\":false,\"store_locator_category\":false,\"wpgmza_store_locator_use_their_location\":false,\"wpgmza_store_locator_bounce\":false,\"wpgmza_sl_animation\":null,\"wpgmza_store_locator_hide_before_search\":false,\"store_locator_query_string\":\"\",\"store_locator_location_placeholder\":\"\",\"store_locator_default_address\":\"\",\"store_locator_name_search\":false,\"store_locator_name_string\":\"\",\"store_locator_not_found_message\":\"\",\"wpgmza_map_align\":\"1\",\"jump_to_nearest_marker_on_initialization\":false,\"automatically_pan_to_users_location\":false,\"override_users_location_zoom_level\":false,\"override_users_location_zoom_levels\":\"\",\"show_distance_from_location\":false,\"map_max_zoom\":\"21\",\"map_min_zoom\":\"0\",\"click_open_link\":false,\"fit_maps_bounds_to_markers\":false,\"fit_maps_bounds_to_markers_after_filtering\":false,\"hide_point_of_interest\":false,\"wpgmza_zoom_on_marker_click\":false,\"wpgmza_zoom_on_marker_click_slider\":\"\",\"close_infowindow_on_map_click\":false,\"disable_lightbox_images\":false,\"use_Raw_Jpeg_Coordinates\":false,\"polygon_labels\":false,\"disable_polygon_info_windows\":false,\"enable_marker_ratings\":false,\"enable_marker_labels\":false,\"only_load_markers_within_viewport\":false,\"zoom_level_mobile_override_enabled\":false,\"zoom_level_mobile_override\":\"\",\"iw_primary_color\":\"#000000\",\"iw_accent_color\":\"#000000\",\"iw_text_color\":\"#000000\",\"wpgmza_listmarkers_by\":\"0\",\"wpgmza_marker_listing_position\":false,\"wpgmza_push_in_map\":false,\"wpgmza_push_in_map_placement\":null,\"wpgmza_push_in_map_width\":\"\",\"wpgmza_push_in_map_height\":\"\",\"zoom_level_on_marker_listing_override\":false,\"zoom_level_on_marker_listing_click\":\"\",\"marker_listing_disable_zoom\":false,\"datatable_no_result_message\":\"\",\"remove_search_box_datables\":false,\"dataTable_pagination_style\":null,\"datatable_search_string\":\"\",\"datatable_result_start\":\"\",\"datatable_result_of\":\"\",\"datatable_result_to\":\"\",\"datatable_result_total\":\"\",\"datatable_result_show\":\"\",\"datatable_result_entries\":\"\",\"wpgmza_savemap\":\"Guardar Mapa \\u00bb\"}}' data-map-id='1' Data-maps-engine='google-maps' data-shortcode-attributes='{\"id\":\"1\"}' style=\"display:block; overflow:auto; width:100%; height:400px; float:left;\"><\/div>\n<p>Via Auset\u00e0nia 11, 08560, Manlleu<br \/>\n<\/div>\n","protected":false},"excerpt":{"rendered":"","protected":false},"author":1,"featured_media":0,"parent":0,"menu_order":0,"comment_status":"closed","ping_status":"closed","template":"templates\/fullwidth.php","meta":[],"_links":{"self":[{"href":"https:\/\/carandellart.com\/index.php?rest_route=\/wp\/v2\/pages\/469"}],"collection":[{"href":"https:\/\/carandellart.com\/index.php?rest_route=\/wp\/v2\/pages"}],"about":[{"href":"https:\/\/carandellart.com\/index.php?rest_route=\/wp\/v2\/types\/page"}],"author":[{"embeddable":true,"href":"https:\/\/carandellart.com\/index.php?rest_route=\/wp\/v2\/users\/1"}],"replies":[{"embeddable":true,"href":"https:\/\/carandellart.com\/index.php?rest_route=%2Fwp%2Fv2%2Fcomments&post=469"}],"version-history":[{"count":10,"href":"https:\/\/carandellart.com\/index.php?rest_route=\/wp\/v2\/pages\/469\/revisions"}],"predecessor-version":[{"id":986,"href":"https:\/\/carandellart.com\/index.php?rest_route=\/wp\/v2\/pages\/469\/revisions\/986"}],"wp:attachment":[{"href":"https:\/\/carandellart.com\/index.php?rest_route=%2Fwp%2Fv2%2Fmedia&parent=469"}],"curies":[{"name":"wp","href":"https:\/\/api.w.org\/{rel}","templated":true}]}}