{"id":471,"date":"2014-02-27T20:25:26","date_gmt":"2014-02-27T20:25:26","guid":{"rendered":"http:\/\/carandellart.com\/?page_id=471"},"modified":"2014-04-02T13:47:15","modified_gmt":"2014-04-02T13:47:15","slug":"projectes-realitzats","status":"publish","type":"page","link":"https:\/\/carandellart.com\/?page_id=471&amp;lang=ca","title":{"rendered":"Projectes realitzats"},"content":{"rendered":"<div class=\"zilla-one-half\"> <div data-id='open' class=\"zilla-toggle\"><span class=\"zilla-toggle-title\"><strong>Instal\u00b7laci\u00f3 d\u2019escultura p\u00fablica a Vene\u00e7uela<\/strong><\/span><div class=\"zilla-toggle-inner\">Instal\u00b7laci\u00f3 d\u2019escultura urbana a Caraques, Vene\u00e7uela. La instal\u00b7laci\u00f3 forma part de la remodelaci\u00f3 d\u2019una de les avingudes m\u00e9s importants de la ciutat, es troba al passeig peatonal del <a href=\"http:\/\/www.sabanagrandeonline.com\/site\/\">Boulevard Sabana Grande<\/a>.<\/p>\n<p><a href=\"http:\/\/carandellart.com\/?attachment_id=302\" rel=\"attachment wp-att-302\"><img decoding=\"async\" loading=\"lazy\" class=\"alignnone size-full wp-image-302\" alt=\"1.Venezuela\" src=\"http:\/\/carandellart.com\/wp-content\/uploads\/2014\/02\/1.Venezuela.jpg\" width=\"290\" height=\"351\" \/><\/a><\/div><\/div> <\/div>\n<div class=\"zilla-one-half zilla-column-last\"> <div data-id='open' class=\"zilla-toggle\"><span class=\"zilla-toggle-title\"><strong>Presentaci\u00f3 de 2 noves escultures a Linyola, Barcelona<\/strong><\/span><div class=\"zilla-toggle-inner\">Instal\u00b7laci\u00f3 de dues escultures per a la poblaci\u00f3 de Linyola, Barcelona. Una de les escultures \u00e9s un homenatge a les v\u00edctimes de la Guerra Civil, obra de Caty Huam\u00e1n. La segona escultura, tamb\u00e9 instal\u00b7lada en el municipi de Linyola \u00e9s una homenatge a la dona.<\/p>\n<p><a href=\"http:\/\/carandellart.com\/?attachment_id=304\" rel=\"attachment wp-att-304\"><img decoding=\"async\" loading=\"lazy\" class=\"alignnone size-full wp-image-304\" alt=\"2.linyola-dona\" src=\"http:\/\/carandellart.com\/wp-content\/uploads\/2014\/02\/2.linyola-dona.jpg\" width=\"387\" height=\"290\" \/><\/a><\/div><\/div> <\/div><div class=\"clear\"><\/div>\n<div class=\"zilla-one-half\"> <div data-id='closed' class=\"zilla-toggle\"><span class=\"zilla-toggle-title\"><strong>Instal\u00b7laci\u00f3 de l\u2019escultura de Teresa Riba a Canovelles<\/strong><\/span><div class=\"zilla-toggle-inner\">Inauguraci\u00f3 del <a href=\"http:\/\/www.canovelles.cat\/actualitat\/noticies\/2011\/02\/14\/el-dissabte-26-de-febrer-a-les-11-del-mati-s-inaugura-el-nou-espai-social-la-quitxalla\">\u201cParc de la Quitxalla\u201d<\/a> a Canovelles, en el qual hem tingut la oportunitat d\u2019instal\u00b7lar una escultura de l\u2019autora Teresa Riba.<\/p>\n<p><a href=\"http:\/\/carandellart.com\/?attachment_id=308\" rel=\"attachment wp-att-308\"><img decoding=\"async\" loading=\"lazy\" class=\"alignnone size-full wp-image-308\" alt=\"3.parc-quitxalla\" src=\"http:\/\/carandellart.com\/wp-content\/uploads\/2014\/02\/3.parc-quitxalla.jpg\" width=\"290\" height=\"356\" \/><\/a><\/div><\/div> <\/div>\n<div class=\"zilla-one-half zilla-column-last\"> <div data-id='closed' class=\"zilla-toggle\"><span class=\"zilla-toggle-title\"><strong>Canovelles converteix el carrer Ind\u00fastria en un espai singular<\/strong><\/span><div class=\"zilla-toggle-inner\">Gr\u00e0cies a la instal\u00b7laci\u00f3 d\u2019obra escult\u00f2rica, el carrer Ind\u00fastria de Canovelles es converteix en un espai \u00fanic, viu i po\u00e8tic.<br \/>\nEn concret s\u2019han instal\u00b7lat tres escultures, obres que representen situacions quotidianes a peu de carrer. Es tracta d\u2019escultures de bronze que participen de l\u2019espai p\u00fablic igual que els vianants, a trav\u00e9s de la seva pres\u00e8ncia transformen l\u2019entorn en un indret singular.<\/p>\n<p><a href=\"http:\/\/carandellart.com\/?attachment_id=309\" rel=\"attachment wp-att-309\"><img decoding=\"async\" loading=\"lazy\" class=\"alignnone size-medium wp-image-309\" alt=\"4.canovelles\" src=\"http:\/\/carandellart.com\/wp-content\/uploads\/2014\/02\/4.canovelles-400x300.jpg\" width=\"400\" height=\"300\" srcset=\"https:\/\/carandellart.com\/wp-content\/uploads\/2014\/02\/4.canovelles-400x300.jpg 400w, https:\/\/carandellart.com\/wp-content\/uploads\/2014\/02\/4.canovelles.jpg 480w\" sizes=\"(max-width: 400px) 100vw, 400px\" \/><\/a><\/div><\/div> <\/div><div class=\"clear\"><\/div>\n<div class=\"zilla-one-half zilla-column-last\"> <div data-id='closed' class=\"zilla-toggle\"><span class=\"zilla-toggle-title\"><strong>\u201cCam\u00ed de la F\u00e0brica\u201d El conjunt escult\u00f2ric instal\u00b7lat al prat del Llobregat<\/strong><\/span><div class=\"zilla-toggle-inner\">L\u2019obra titulada \u201cCam\u00ed de la F\u00e0brica\u201d ha sigut realitzada per l\u2019escultora Teresa Riba. Es tracta d\u2019un homenatge al moviment obrer.<br \/>\nL\u2019obra escult\u00f2rica estar\u00e0 ubicada a la carretera de la Marina, un dels principals punts de la poblaci\u00f3.<br \/>\nLes escultures han estat realitzades en bronze, material que permet mantenir una textura i una petjada \u00fanica en cada obra escult\u00f2rica.<br \/>\nUn cop m\u00e9s, Teresa Riba posa de manifest el seu inter\u00e8s per representar la frescor del moviment i captar la instant\u00e0nia.<\/p>\n<p><a href=\"http:\/\/carandellart.com\/?attachment_id=312\" rel=\"attachment wp-att-312\"><img decoding=\"async\" loading=\"lazy\" class=\"alignnone size-medium wp-image-312\" alt=\"5.camidelafabrica\" src=\"http:\/\/carandellart.com\/wp-content\/uploads\/2014\/02\/5.camidelafabrica-266x400.jpg\" width=\"266\" height=\"400\" srcset=\"https:\/\/carandellart.com\/wp-content\/uploads\/2014\/02\/5.camidelafabrica-266x400.jpg 266w, https:\/\/carandellart.com\/wp-content\/uploads\/2014\/02\/5.camidelafabrica.jpg 510w\" sizes=\"(max-width: 266px) 100vw, 266px\" \/><\/a><\/p>\n<\/div><\/div> <\/div><div class=\"clear\"><\/div>\n","protected":false},"excerpt":{"rendered":"","protected":false},"author":1,"featured_media":0,"parent":0,"menu_order":0,"comment_status":"open","ping_status":"open","template":"templates\/fullwidth.php","meta":[],"_links":{"self":[{"href":"https:\/\/carandellart.com\/index.php?rest_route=\/wp\/v2\/pages\/471"}],"collection":[{"href":"https:\/\/carandellart.com\/index.php?rest_route=\/wp\/v2\/pages"}],"about":[{"href":"https:\/\/carandellart.com\/index.php?rest_route=\/wp\/v2\/types\/page"}],"author":[{"embeddable":true,"href":"https:\/\/carandellart.com\/index.php?rest_route=\/wp\/v2\/users\/1"}],"replies":[{"embeddable":true,"href":"https:\/\/carandellart.com\/index.php?rest_route=%2Fwp%2Fv2%2Fcomments&post=471"}],"version-history":[{"count":2,"href":"https:\/\/carandellart.com\/index.php?rest_route=\/wp\/v2\/pages\/471\/revisions"}],"predecessor-version":[{"id":754,"href":"https:\/\/carandellart.com\/index.php?rest_route=\/wp\/v2\/pages\/471\/revisions\/754"}],"wp:attachment":[{"href":"https:\/\/carandellart.com\/index.php?rest_route=%2Fwp%2Fv2%2Fmedia&parent=471"}],"curies":[{"name":"wp","href":"https:\/\/api.w.org\/{rel}","templated":true}]}}